{"id":6324,"date":"2023-06-18T17:19:49","date_gmt":"2023-06-18T15:19:49","guid":{"rendered":"https:\/\/www.trampicturebook.de\/wordpress\/?page_id=6324"},"modified":"2024-04-08T16:40:14","modified_gmt":"2024-04-08T14:40:14","slug":"aussteller-2-muelheimer-buchmesse","status":"publish","type":"page","link":"https:\/\/www.trampicturebook.de\/wordpress\/aussteller-2-muelheimer-buchmesse\/","title":{"rendered":"2. M\u00fclheimer Buchmesse im Kloster Saarn"},"content":{"rendered":"\n<p>Sie sind <strong>Autor<\/strong>, <strong>Verlag <\/strong>oder <strong>Buchh\u00e4ndler<\/strong>? Dann sollten Sie dabei sein, wenn die 2. M\u00fclheimer Buchmesse am 14.04.2024 ihre T\u00fcren \u00f6ffnet. Der Kulturbetrieb M\u00fclheim an der Ruhr und der Ruhrkrimi-Verlag haben sich zum Ziel gesetzt, eine kleine aber feine Buchmesse im Revier zu etablieren.<\/p>\n\n\n\n<p>Die <strong>Ausstellerpreise <\/strong>f\u00fcr einen Tisch (ca. 1,20 &#8211; 1,30 m) betragen 40,00 \u20ac. Autoren, die nur ein oder wenige B\u00fccher vorstellen wollen, k\u00f6nnen sich ohne Aufpreis einen Tisch teilen. Die Tische und zwei St\u00fchle pro Tisch sind im Ausstellungspreis enthalten.<\/p>\n\n\n\n<p>Sie d\u00fcrfen Ihre B\u00fccher nat\u00fcrlich auch verkaufen. Dabei ist die Buchpreisbindung zu beachten.<\/p>\n\n\n<a href=\"https:\/\/www.trampicturebook.de\/wordpress\/wp-content\/uploads\/2024\/04\/Ausstelleranschriften.pdf\" class=\"pdfemb-viewer\" style=\"\" data-width=\"max\" data-height=\"max\" data-toolbar=\"bottom\" data-toolbar-fixed=\"off\">Ausstelleranschriften<\/a>","protected":false},"excerpt":{"rendered":"<p>Sie sind Autor, Verlag oder Buchh\u00e4ndler? Dann sollten Sie dabei sein, wenn die 2. M\u00fclheimer Buchmesse am 14.04.2024 ihre T\u00fcren \u00f6ffnet. Der Kulturbetrieb M\u00fclheim an der Ruhr und der Ruhrkrimi-Verlag haben sich zum Ziel gesetzt, eine kleine aber feine Buchmesse im Revier zu etablieren. Die Ausstellerpreise f\u00fcr einen Tisch (ca&#8230;.<\/p>\n<p> <a class=\"continue-reading-link\" href=\"https:\/\/www.trampicturebook.de\/wordpress\/aussteller-2-muelheimer-buchmesse\/\"><span>Continue reading<\/span><i class=\"crycon-right-dir\"><\/i><\/a> <\/p>\n","protected":false},"author":1,"featured_media":0,"parent":0,"menu_order":0,"comment_status":"closed","ping_status":"closed","template":"","meta":{"footnotes":""},"categories":[46],"tags":[],"folder":[47],"class_list":["post-6324","page","type-page","status-publish","hentry","category-2-muelheimer-buchmesse"],"jetpack_sharing_enabled":true,"_links":{"self":[{"href":"https:\/\/www.trampicturebook.de\/wordpress\/wp-json\/wp\/v2\/pages\/6324","targetHints":{"allow":["GET"]}}],"collection":[{"href":"https:\/\/www.trampicturebook.de\/wordpress\/wp-json\/wp\/v2\/pages"}],"about":[{"href":"https:\/\/www.trampicturebook.de\/wordpress\/wp-json\/wp\/v2\/types\/page"}],"author":[{"embeddable":true,"href":"https:\/\/www.trampicturebook.de\/wordpress\/wp-json\/wp\/v2\/users\/1"}],"replies":[{"embeddable":true,"href":"https:\/\/www.trampicturebook.de\/wordpress\/wp-json\/wp\/v2\/comments?post=6324"}],"version-history":[{"count":16,"href":"https:\/\/www.trampicturebook.de\/wordpress\/wp-json\/wp\/v2\/pages\/6324\/revisions"}],"predecessor-version":[{"id":7574,"href":"https:\/\/www.trampicturebook.de\/wordpress\/wp-json\/wp\/v2\/pages\/6324\/revisions\/7574"}],"wp:attachment":[{"href":"https:\/\/www.trampicturebook.de\/wordpress\/wp-json\/wp\/v2\/media?parent=6324"}],"wp:term":[{"taxonomy":"category","embeddable":true,"href":"https:\/\/www.trampicturebook.de\/wordpress\/wp-json\/wp\/v2\/categories?post=6324"},{"taxonomy":"post_tag","embeddable":true,"href":"https:\/\/www.trampicturebook.de\/wordpress\/wp-json\/wp\/v2\/tags?post=6324"},{"taxonomy":"folder","embeddable":true,"href":"https:\/\/www.trampicturebook.de\/wordpress\/wp-json\/wp\/v2\/folder?post=6324"}],"curies":[{"name":"wp","href":"https:\/\/api.w.org\/{rel}","templated":true}]}}